{"id":49,"date":"2025-09-11T18:20:59","date_gmt":"2025-09-11T16:20:59","guid":{"rendered":"https:\/\/xn--art-thrapie33-ghb.fr\/index.php\/lart-therapie-contemporaine-2\/"},"modified":"2026-03-17T09:17:04","modified_gmt":"2026-03-17T08:17:04","slug":"lart-therapie-contemporaine-2","status":"publish","type":"page","link":"https:\/\/xn--art-thrapie33-ghb.fr\/index.php\/lart-therapie-contemporaine-2\/","title":{"rendered":"L&rsquo;Art-Th\u00e9rapie Contemporaine\u00a0\u00a9"},"content":{"rendered":"\n<p class=\"has-text-color has-link-color has-medium-font-size wp-elements-9bacae83e8e38103a5de9496b2b12cd9\" style=\"color:#f7650b\"><strong>C\u2019est quoi? <\/strong><\/p>\n\n\n\n<p><em>\u00ab\u00a0L\u2019art-th\u00e9rapie contemporaine\u00a9 (ATC) est une m\u00e9thode de soin psychique qui permet l\u2019expression et le d\u00e9passement des difficult\u00e9s personnelles par le biais d\u2019une stimulation des capacit\u00e9s cr\u00e9atives\u00a0\u00bb<\/em>&nbsp;Jean-Pierre Royol, Docteur en psychologie clinique.<\/p>\n\n\n\n<p>C&rsquo;est un soin de support, compl\u00e9mentaire aux autres th\u00e9rapies mises en place. Une aire de respiration psychique par le biais d&rsquo;une expression cr\u00e9ative.<\/p>\n\n\n\n<p>A travers des dispositifs art-th\u00e9rapeutiques que j&rsquo;ai travaill\u00e9, la personne suivie est invit\u00e9e \u00e0 un bricolage cr\u00e9atif \u00e0 l\u2019abri du regard et de tout jugement, de toute interpr\u00e9tation, sans orientation vers une \u0153uvre finie, afin de ne pas encombrer la psych\u00e9. Aucune comp\u00e9tence artistique n\u2019est donc requise.<\/p>\n\n\n\n<p>Un suivi art-th\u00e9rapeutique ne remplace pas un suivi psychoth\u00e9rapeutique ou tout autre suivi th\u00e9rapeutique, mais vient en compl\u00e9ment.<\/p>\n\n\n\n<p class=\"has-text-color has-link-color has-medium-font-size wp-elements-fca808212d565354407b888e594eece0\" style=\"color:#f7650b\"><strong>Pour quoi&nbsp;?<\/strong><\/p>\n\n\n\n<p>L&rsquo;art-th\u00e9rapie contemporaine\u00a9 peut venir soulager les tensions internes, aider \u00e0 retrouver un peu de l\u00e9g\u00e8ret\u00e9 et \u00e0 remettre en route la vie psychique.<\/p>\n\n\n\n<p>Il s\u2019agit d\u2019une exp\u00e9rience intime s\u2019inscrivant dans le cadre de rencontres \u00e0 vis\u00e9e th\u00e9rapeutique, un espace \u00e0 soi o\u00f9 pouvoir se parler autrement et \u00ab\u00a0faire avec\u00a0\u00bb ce qui vient faire souffrance (la racine du mot art est \u00ab\u00a0ars\u00a0\u00bb qui signifie \u00ab\u00a0faire avec\u00a0\u00bb) <\/p>\n\n\n\n<p>L\u2019art-th\u00e9rapie est du c\u00f4t\u00e9 du mieux-\u00eatre gr\u00e2ce \u00e0 un possible processus th\u00e9rapeutique qui implique un changement profond chez la personne, au-del\u00e0 du moment de la s\u00e9ance,  pour permettre de retrouver une place dans sa vie.<\/p>\n\n\n\n<p><\/p>\n\n\n\n<p><\/p>\n\n\n\n<p class=\"has-text-color has-link-color has-medium-font-size wp-elements-2a145e424c3a749a8c83e059294f8025\" style=\"color:#f7650b\"><strong>Pour qui&nbsp;?<\/strong><\/p>\n\n\n\n<p>Pour toute personne qui en fait la demande ou qui est adress\u00e9e sur indication d\u2019un soignant ou d\u2019une \u00e9quipe m\u00e9dicale.<\/p>\n\n\n\n<p>L\u2019art-th\u00e9rapie contemporaine\u00a9 est particuli\u00e8rement indiqu\u00e9e pour les personnes qui ont du mal \u00e0 trouver les mots pour exprimer leur souffrance.<\/p>\n\n\n\n<ul class=\"wp-block-list\">\n<li><strong>soit en soutien et pr\u00e9vention lors de changements passagers d\u00e9licats<\/strong> (changement au sein de la famille, de travail, pertes, grossesse difficile, p\u00e9riode d&rsquo;adolescence, enfance d\u00e9licate, deuils,&#8230;)<\/li>\n\n\n\n<li><strong>soit en accompagnement autour de probl\u00e9matiques plus install\u00e9es<\/strong> (troubles d\u00e9pressifs, autistiques, psychotiques, alimentaires, angoisses, syndrome de stress post-traumatique,&#8230;)<\/li>\n<\/ul>\n\n\n\n<p>L&rsquo;ATC s&rsquo;adresse \u00e9galement aux aidants<\/p>\n\n\n\n<p>Aucun talent artistique n\u2019est requis.<\/p>\n\n\n\n<p class=\"has-medium-font-size\"><\/p>\n\n\n\n<p class=\"has-text-color has-link-color has-medium-font-size wp-elements-4c63f0817e886e75a06c2fa03056ad54\" style=\"color:#f7650b\"><strong>Comment se passe une s\u00e9ance ?<\/strong><\/p>\n\n\n\n<p>Tout suivi en ATC n\u00e9cessite un \u00e0 quelques entretiens pr\u00e9liminaires individuels qui sont l\u2019occasion de se pr\u00e9senter puis de poser, le cas \u00e9ch\u00e9ant, les modalit\u00e9s de prises en charge individuelles et d\u2019expliquer la d\u00e9marche \u00e9thique et professionnelle<strong>.<\/strong><\/p>\n\n\n\n<p>Chaque s\u00e9ance &#8211; si une entr\u00e9e en art-th\u00e9rapie contemporaine\u00a9 se d\u00e9cide apr\u00e8s entretiens pr\u00e9liminaires &#8211; est une proposition \u00e0 pouvoir s&rsquo;exprimer autrement&nbsp; en passant par du mat\u00e9riel mis \u00e0 disposition et choisi par l&rsquo;art-th\u00e9rapeute. Il n&rsquo;y a donc pas de s\u00e9ance&nbsp;\u00ab\u00a0type\u00a0\u00bb.&nbsp;<\/p>\n\n\n\n<p>La dur\u00e9e d\u2019une s\u00e9ance et du suivi ne sont pas pr\u00e9d\u00e9finis, mais une s\u00e9ance d&rsquo;ATC n\u2019exc\u00e8de pas 45 minutes<\/p>\n\n\n\n<p class=\"has-text-color has-link-color has-medium-font-size wp-elements-5973ff7e8ded1f3465d4db1e3e153535\" style=\"color:#f7650b\"><strong>Quels lieux d&rsquo;intervention ?<\/strong><\/p>\n\n\n\n<ul class=\"wp-block-list\">\n<li>en cabinet (en individuel)<strong> au 58 Cours Sadi Carnot, 33210 LANGON<\/strong><\/li>\n\n\n\n<li>en Institutions dans le champ m\u00e9dico-social et sanitaire  ou aupr\u00e8s de tout organisme op\u00e9rant dans un champ de prise en charge de la souffrance (en individuel ou petit groupe), <strong>dans la p\u00e9riph\u00e9rie de LANGON ou BORDEAUX<\/strong>&nbsp;<\/li>\n<\/ul>\n\n\n\n<p class=\"has-kubio-color-5-background-color has-background\"><\/p>\n\n\n\n<p class=\"has-text-color has-link-color has-medium-font-size wp-elements-f4e25f032a06535fc8f9c993f316f2df\" style=\"color:#f7650b\"><strong>Tarifs et prises en charge:<\/strong><\/p>\n\n\n\n<ul class=\"wp-block-list\">\n<li>Le co\u00fbt d&rsquo;une s\u00e9ance en ATC&nbsp;individuelle en cabinet est de 40\u20ac.<\/li>\n<\/ul>\n\n\n\n<ul class=\"wp-block-list\">\n<li>Me contacter pour des interventions en institutions.<\/li>\n<\/ul>\n\n\n\n<p>La s\u00e9curit\u00e9 sociale ne rembourse pas les s\u00e9ances, mais certaines mutuelles peuvent le faire en partie, sur facture. N&rsquo;h\u00e9sitez pas \u00e0 vous renseigner<\/p>\n\n\n\n<p>Pour les b\u00e9n\u00e9ficiaires de la compensation du handicap, celle-ci peut prendre en charge ou att\u00e9nuer le co\u00fbt des s\u00e9ances d&rsquo;art-th\u00e9rapeutiques <\/p>\n\n\n\n<p><\/p>\n","protected":false},"excerpt":{"rendered":"<p>C\u2019est quoi? \u00ab\u00a0L\u2019art-th\u00e9rapie contemporaine\u00a9 (ATC) est une m\u00e9thode de soin psychique qui permet l\u2019expression et le d\u00e9passement des difficult\u00e9s personnelles par le biais d\u2019une stimulation des capacit\u00e9s cr\u00e9atives\u00a0\u00bb&nbsp;Jean-Pierre Royol, Docteur en psychologie clinique. C&rsquo;est un soin de support, compl\u00e9mentaire aux autres th\u00e9rapies mises en place. Une aire de respiration psychique par le biais d&rsquo;une expression&#8230;<\/p>\n","protected":false},"author":1,"featured_media":159,"parent":0,"menu_order":0,"comment_status":"closed","ping_status":"closed","template":"","meta":{"_kad_post_transparent":"","_kad_post_title":"","_kad_post_layout":"","_kad_post_sidebar_id":"","_kad_post_content_style":"","_kad_post_vertical_padding":"","_kad_post_feature":"","_kad_post_feature_position":"","_kad_post_header":false,"_kad_post_footer":false,"footnotes":""},"class_list":["post-49","page","type-page","status-publish","has-post-thumbnail","hentry"],"_links":{"self":[{"href":"https:\/\/xn--art-thrapie33-ghb.fr\/index.php\/wp-json\/wp\/v2\/pages\/49","targetHints":{"allow":["GET"]}}],"collection":[{"href":"https:\/\/xn--art-thrapie33-ghb.fr\/index.php\/wp-json\/wp\/v2\/pages"}],"about":[{"href":"https:\/\/xn--art-thrapie33-ghb.fr\/index.php\/wp-json\/wp\/v2\/types\/page"}],"author":[{"embeddable":true,"href":"https:\/\/xn--art-thrapie33-ghb.fr\/index.php\/wp-json\/wp\/v2\/users\/1"}],"replies":[{"embeddable":true,"href":"https:\/\/xn--art-thrapie33-ghb.fr\/index.php\/wp-json\/wp\/v2\/comments?post=49"}],"version-history":[{"count":60,"href":"https:\/\/xn--art-thrapie33-ghb.fr\/index.php\/wp-json\/wp\/v2\/pages\/49\/revisions"}],"predecessor-version":[{"id":420,"href":"https:\/\/xn--art-thrapie33-ghb.fr\/index.php\/wp-json\/wp\/v2\/pages\/49\/revisions\/420"}],"wp:featuredmedia":[{"embeddable":true,"href":"https:\/\/xn--art-thrapie33-ghb.fr\/index.php\/wp-json\/wp\/v2\/media\/159"}],"wp:attachment":[{"href":"https:\/\/xn--art-thrapie33-ghb.fr\/index.php\/wp-json\/wp\/v2\/media?parent=49"}],"curies":[{"name":"wp","href":"https:\/\/api.w.org\/{rel}","templated":true}]}}